{"id":54,"date":"2025-08-20T09:57:31","date_gmt":"2025-08-20T07:57:31","guid":{"rendered":"https:\/\/lycee-eca.fr\/actu\/?page_id=54"},"modified":"2025-08-21T12:13:30","modified_gmt":"2025-08-21T10:13:30","slug":"accueil","status":"publish","type":"page","link":"https:\/\/www.lycee-eca.fr\/actu\/","title":{"rendered":"Accueil"},"content":{"rendered":"\t\t<div data-elementor-type=\"wp-page\" data-elementor-id=\"54\" class=\"elementor elementor-54\" data-elementor-post-type=\"page\">\n\t\t\t\t<div class=\"elementor-element elementor-element-5cd1cf3d e-flex e-con-boxed e-con e-parent\" data-id=\"5cd1cf3d\" data-element_type=\"container\" data-e-type=\"container\" data-settings=\"{&quot;background_background&quot;:&quot;classic&quot;}\">\n\t\t\t\t\t<div class=\"e-con-inner\">\n\t\t<div class=\"elementor-element elementor-element-7a09f8c1 e-con-full e-flex e-con e-child\" data-id=\"7a09f8c1\" data-element_type=\"container\" data-e-type=\"container\">\n\t\t\t\t<div class=\"elementor-element elementor-element-3db90d18 elementor-widget-divider--view-line_text elementor-widget-divider--element-align-center elementor-invisible elementor-widget elementor-widget-divider\" data-id=\"3db90d18\" data-element_type=\"widget\" data-e-type=\"widget\" data-settings=\"{&quot;_animation&quot;:&quot;fadeIn&quot;}\" data-widget_type=\"divider.default\">\n\t\t\t\t\t\t\t<div class=\"elementor-divider\">\n\t\t\t<span class=\"elementor-divider-separator\">\n\t\t\t\t\t\t\t<h1 class=\"elementor-divider__text elementor-divider__element\">\n\t\t\t\tLycee eca : Le magazine d'actualit\u00e9s g\u00e9n\u00e9ralistes\t\t\t\t<\/h1>\n\t\t\t\t\t\t<\/span>\n\t\t<\/div>\n\t\t\t\t\t\t<\/div>\n\t\t\t\t<div class=\"elementor-element elementor-element-3126b30 elementor-grid-2 elementor-grid-tablet-2 elementor-grid-mobile-1 elementor-posts--thumbnail-top elementor-card-shadow-yes elementor-posts__hover-gradient elementor-widget elementor-widget-posts\" data-id=\"3126b30\" data-element_type=\"widget\" data-e-type=\"widget\" data-settings=\"{&quot;cards_columns&quot;:&quot;2&quot;,&quot;cards_columns_tablet&quot;:&quot;2&quot;,&quot;cards_columns_mobile&quot;:&quot;1&quot;,&quot;cards_row_gap&quot;:{&quot;unit&quot;:&quot;px&quot;,&quot;size&quot;:35,&quot;sizes&quot;:[]},&quot;cards_row_gap_tablet&quot;:{&quot;unit&quot;:&quot;px&quot;,&quot;size&quot;:&quot;&quot;,&quot;sizes&quot;:[]},&quot;cards_row_gap_mobile&quot;:{&quot;unit&quot;:&quot;px&quot;,&quot;size&quot;:&quot;&quot;,&quot;sizes&quot;:[]}}\" data-widget_type=\"posts.cards\">\n\t\t\t\t<div class=\"elementor-widget-container\">\n\t\t\t\t\t\t\t<div class=\"elementor-posts-container elementor-posts elementor-posts--skin-cards elementor-grid\" role=\"list\">\n\t\t\t\t<article class=\"elementor-post elementor-grid-item post-2859 post type-post status-publish format-standard has-post-thumbnail category-societe\" role=\"listitem\">\n\t\t\t<div class=\"elementor-post__card\">\n\t\t\t\t<a class=\"elementor-post__thumbnail__link\" href=\"https:\/\/www.lycee-eca.fr\/actu\/120e-par-an-pour-un-chien-pour-un-chat-le-budget-2025-prevoit-la-creation-dune-taxe-sur-les-animaux-de-compagnie\/\" tabindex=\"-1\" ><div class=\"elementor-post__thumbnail\"><img alt=\"\" fetchpriority=\"high\" decoding=\"async\" width=\"300\" height=\"169\" src=\"https:\/\/www.lycee-eca.fr\/actu\/wp-content\/uploads\/2025\/09\/120E-par-an-pour-un-chien-pour-un-chat.-le-budget-2025-prevoit-la-creation-dune-taxe-sur-les-animaux-de-compagnie--300x169.jpg\" class=\"attachment-medium size-medium wp-image-2860\" alt=\"\" srcset=\"https:\/\/www.lycee-eca.fr\/actu\/wp-content\/uploads\/2025\/09\/120E-par-an-pour-un-chien-pour-un-chat.-le-budget-2025-prevoit-la-creation-dune-taxe-sur-les-animaux-de-compagnie--300x169.jpg 300w, https:\/\/www.lycee-eca.fr\/actu\/wp-content\/uploads\/2025\/09\/120E-par-an-pour-un-chien-pour-un-chat.-le-budget-2025-prevoit-la-creation-dune-taxe-sur-les-animaux-de-compagnie--1024x576.jpg 1024w, https:\/\/www.lycee-eca.fr\/actu\/wp-content\/uploads\/2025\/09\/120E-par-an-pour-un-chien-pour-un-chat.-le-budget-2025-prevoit-la-creation-dune-taxe-sur-les-animaux-de-compagnie--768x432.jpg 768w, https:\/\/www.lycee-eca.fr\/actu\/wp-content\/uploads\/2025\/09\/120E-par-an-pour-un-chien-pour-un-chat.-le-budget-2025-prevoit-la-creation-dune-taxe-sur-les-animaux-de-compagnie-.jpg 1200w\" sizes=\"(max-width: 300px) 100vw, 300px\" \/><\/div><\/a>\n\t\t\t\t<div class=\"elementor-post__badge\">Soci\u00e9t\u00e9<\/div>\n\t\t\t\t<div class=\"elementor-post__text\">\n\t\t\t\t<h3 class=\"elementor-post__title\">\n\t\t\t<a href=\"https:\/\/www.lycee-eca.fr\/actu\/120e-par-an-pour-un-chien-pour-un-chat-le-budget-2025-prevoit-la-creation-dune-taxe-sur-les-animaux-de-compagnie\/\" >\n\t\t\t\t\u00ab\u00a0120\u20ac par an pour un chien, pour un chat\u2026\u00a0\u00bb le budget 2025 pr\u00e9voit la cr\u00e9ation d\u2019une taxe sur les animaux de compagnie ?\t\t\t<\/a>\n\t\t<\/h3>\n\t\t\t\t<\/div>\n\t\t\t\t<div class=\"elementor-post__meta-data\">\n\t\t\t\t\t<span class=\"elementor-post-date\">\n\t\t\t13 octobre 2025\t\t<\/span>\n\t\t\t\t<\/div>\n\t\t\t\t\t<\/div>\n\t\t<\/article>\n\t\t\t\t<article class=\"elementor-post elementor-grid-item post-2849 post type-post status-publish format-standard has-post-thumbnail category-societe\" role=\"listitem\">\n\t\t\t<div class=\"elementor-post__card\">\n\t\t\t\t<a class=\"elementor-post__thumbnail__link\" href=\"https:\/\/www.lycee-eca.fr\/actu\/un-simple-mobil-home-ou-caravane-installe-dans-votre-jardin-peut-entrainer-cette-lourde-amende\/\" tabindex=\"-1\" ><div class=\"elementor-post__thumbnail\"><img alt=\"\" decoding=\"async\" width=\"300\" height=\"169\" src=\"https:\/\/www.lycee-eca.fr\/actu\/wp-content\/uploads\/2025\/09\/Un-simple-mobil-home-ou-caravane-installe-dans-votre-jardin-peut-entrainer-cette-lourde-amende-300x169.jpg\" class=\"attachment-medium size-medium wp-image-2850\" alt=\"\" srcset=\"https:\/\/www.lycee-eca.fr\/actu\/wp-content\/uploads\/2025\/09\/Un-simple-mobil-home-ou-caravane-installe-dans-votre-jardin-peut-entrainer-cette-lourde-amende-300x169.jpg 300w, https:\/\/www.lycee-eca.fr\/actu\/wp-content\/uploads\/2025\/09\/Un-simple-mobil-home-ou-caravane-installe-dans-votre-jardin-peut-entrainer-cette-lourde-amende-1024x576.jpg 1024w, https:\/\/www.lycee-eca.fr\/actu\/wp-content\/uploads\/2025\/09\/Un-simple-mobil-home-ou-caravane-installe-dans-votre-jardin-peut-entrainer-cette-lourde-amende-768x432.jpg 768w, https:\/\/www.lycee-eca.fr\/actu\/wp-content\/uploads\/2025\/09\/Un-simple-mobil-home-ou-caravane-installe-dans-votre-jardin-peut-entrainer-cette-lourde-amende.jpg 1200w\" sizes=\"(max-width: 300px) 100vw, 300px\" \/><\/div><\/a>\n\t\t\t\t<div class=\"elementor-post__badge\">Soci\u00e9t\u00e9<\/div>\n\t\t\t\t<div class=\"elementor-post__text\">\n\t\t\t\t<h3 class=\"elementor-post__title\">\n\t\t\t<a href=\"https:\/\/www.lycee-eca.fr\/actu\/un-simple-mobil-home-ou-caravane-installe-dans-votre-jardin-peut-entrainer-cette-lourde-amende\/\" >\n\t\t\t\tUn simple mobil-home ou caravane install\u00e9 dans votre jardin peut entra\u00eener cette lourde amende\t\t\t<\/a>\n\t\t<\/h3>\n\t\t\t\t<\/div>\n\t\t\t\t<div class=\"elementor-post__meta-data\">\n\t\t\t\t\t<span class=\"elementor-post-date\">\n\t\t\t13 octobre 2025\t\t<\/span>\n\t\t\t\t<\/div>\n\t\t\t\t\t<\/div>\n\t\t<\/article>\n\t\t\t\t<article class=\"elementor-post elementor-grid-item post-3096 post type-post status-publish format-standard has-post-thumbnail category-business\" role=\"listitem\">\n\t\t\t<div class=\"elementor-post__card\">\n\t\t\t\t<a class=\"elementor-post__thumbnail__link\" href=\"https:\/\/www.lycee-eca.fr\/actu\/je-suis-eboueur-depuis-3-ans-et-voici-combien-je-touche-de-salaire-en-2025\/\" tabindex=\"-1\" ><div class=\"elementor-post__thumbnail\"><img alt=\"\" decoding=\"async\" width=\"300\" height=\"169\" src=\"https:\/\/www.lycee-eca.fr\/actu\/wp-content\/uploads\/2025\/09\/Je-suis-eboueur-depuis-3-ans-et-voici-combien-je-touche-de-salaire-en-2025-300x169.jpg\" class=\"attachment-medium size-medium wp-image-3097\" alt=\"\" srcset=\"https:\/\/www.lycee-eca.fr\/actu\/wp-content\/uploads\/2025\/09\/Je-suis-eboueur-depuis-3-ans-et-voici-combien-je-touche-de-salaire-en-2025-300x169.jpg 300w, https:\/\/www.lycee-eca.fr\/actu\/wp-content\/uploads\/2025\/09\/Je-suis-eboueur-depuis-3-ans-et-voici-combien-je-touche-de-salaire-en-2025-1024x576.jpg 1024w, https:\/\/www.lycee-eca.fr\/actu\/wp-content\/uploads\/2025\/09\/Je-suis-eboueur-depuis-3-ans-et-voici-combien-je-touche-de-salaire-en-2025-768x432.jpg 768w, https:\/\/www.lycee-eca.fr\/actu\/wp-content\/uploads\/2025\/09\/Je-suis-eboueur-depuis-3-ans-et-voici-combien-je-touche-de-salaire-en-2025.jpg 1200w\" sizes=\"(max-width: 300px) 100vw, 300px\" \/><\/div><\/a>\n\t\t\t\t<div class=\"elementor-post__badge\">Business<\/div>\n\t\t\t\t<div class=\"elementor-post__text\">\n\t\t\t\t<h3 class=\"elementor-post__title\">\n\t\t\t<a href=\"https:\/\/www.lycee-eca.fr\/actu\/je-suis-eboueur-depuis-3-ans-et-voici-combien-je-touche-de-salaire-en-2025\/\" >\n\t\t\t\tJe suis \u00e9boueur depuis 3 ans et voici combien je touche de salaire en 2025\t\t\t<\/a>\n\t\t<\/h3>\n\t\t\t\t<\/div>\n\t\t\t\t<div class=\"elementor-post__meta-data\">\n\t\t\t\t\t<span class=\"elementor-post-date\">\n\t\t\t13 octobre 2025\t\t<\/span>\n\t\t\t\t<\/div>\n\t\t\t\t\t<\/div>\n\t\t<\/article>\n\t\t\t\t<article class=\"elementor-post elementor-grid-item post-2925 post type-post status-publish format-standard has-post-thumbnail category-technologie\" role=\"listitem\">\n\t\t\t<div class=\"elementor-post__card\">\n\t\t\t\t<a class=\"elementor-post__thumbnail__link\" href=\"https:\/\/www.lycee-eca.fr\/actu\/utilisateurs-de-google-maps-ne-ratez-pas-cette-mise-a-jour-une-grosse-nouveaute-arrive-et-elle-va-vous-changer-la-vie\/\" tabindex=\"-1\" ><div class=\"elementor-post__thumbnail\"><img alt=\"\" loading=\"lazy\" decoding=\"async\" width=\"300\" height=\"169\" src=\"https:\/\/www.lycee-eca.fr\/actu\/wp-content\/uploads\/2025\/09\/utilisateurs-de-google-maps-ne-ratez-pas-cette-mise-a-jour-une-grosse-nouveaute-arrive-et-elle-va-vous-changer-la-vie-300x169.jpg\" class=\"attachment-medium size-medium wp-image-2926\" alt=\"\" srcset=\"https:\/\/www.lycee-eca.fr\/actu\/wp-content\/uploads\/2025\/09\/utilisateurs-de-google-maps-ne-ratez-pas-cette-mise-a-jour-une-grosse-nouveaute-arrive-et-elle-va-vous-changer-la-vie-300x169.jpg 300w, https:\/\/www.lycee-eca.fr\/actu\/wp-content\/uploads\/2025\/09\/utilisateurs-de-google-maps-ne-ratez-pas-cette-mise-a-jour-une-grosse-nouveaute-arrive-et-elle-va-vous-changer-la-vie-1024x576.jpg 1024w, https:\/\/www.lycee-eca.fr\/actu\/wp-content\/uploads\/2025\/09\/utilisateurs-de-google-maps-ne-ratez-pas-cette-mise-a-jour-une-grosse-nouveaute-arrive-et-elle-va-vous-changer-la-vie-768x432.jpg 768w, https:\/\/www.lycee-eca.fr\/actu\/wp-content\/uploads\/2025\/09\/utilisateurs-de-google-maps-ne-ratez-pas-cette-mise-a-jour-une-grosse-nouveaute-arrive-et-elle-va-vous-changer-la-vie.jpg 1280w\" sizes=\"(max-width: 300px) 100vw, 300px\" \/><\/div><\/a>\n\t\t\t\t<div class=\"elementor-post__badge\">Technologie<\/div>\n\t\t\t\t<div class=\"elementor-post__text\">\n\t\t\t\t<h3 class=\"elementor-post__title\">\n\t\t\t<a href=\"https:\/\/www.lycee-eca.fr\/actu\/utilisateurs-de-google-maps-ne-ratez-pas-cette-mise-a-jour-une-grosse-nouveaute-arrive-et-elle-va-vous-changer-la-vie\/\" >\n\t\t\t\tUtilisateurs de Google Maps, ne ratez pas cette mise \u00e0 jour : une grosse nouveaut\u00e9 arrive et elle va vous changer la vie\t\t\t<\/a>\n\t\t<\/h3>\n\t\t\t\t<\/div>\n\t\t\t\t<div class=\"elementor-post__meta-data\">\n\t\t\t\t\t<span class=\"elementor-post-date\">\n\t\t\t13 octobre 2025\t\t<\/span>\n\t\t\t\t<\/div>\n\t\t\t\t\t<\/div>\n\t\t<\/article>\n\t\t\t\t<article class=\"elementor-post elementor-grid-item post-2959 post type-post status-publish format-standard has-post-thumbnail category-societe\" role=\"listitem\">\n\t\t\t<div class=\"elementor-post__card\">\n\t\t\t\t<a class=\"elementor-post__thumbnail__link\" href=\"https:\/\/www.lycee-eca.fr\/actu\/jai-ete-frontalier-durant-plusieurs-annees-et-prepare-aujourdhui-ma-retraite-comment-recuperer-des-trimestres-travailles-en-suisse\/\" tabindex=\"-1\" ><div class=\"elementor-post__thumbnail\"><img alt=\"\" loading=\"lazy\" decoding=\"async\" width=\"300\" height=\"214\" src=\"https:\/\/www.lycee-eca.fr\/actu\/wp-content\/uploads\/2025\/09\/shutterstock_2655689253-1-300x214.jpg\" class=\"attachment-medium size-medium wp-image-2960\" alt=\"\" srcset=\"https:\/\/www.lycee-eca.fr\/actu\/wp-content\/uploads\/2025\/09\/shutterstock_2655689253-1-300x214.jpg 300w, https:\/\/www.lycee-eca.fr\/actu\/wp-content\/uploads\/2025\/09\/shutterstock_2655689253-1-1024x731.jpg 1024w, https:\/\/www.lycee-eca.fr\/actu\/wp-content\/uploads\/2025\/09\/shutterstock_2655689253-1-768x548.jpg 768w, https:\/\/www.lycee-eca.fr\/actu\/wp-content\/uploads\/2025\/09\/shutterstock_2655689253-1.jpg 1280w\" sizes=\"(max-width: 300px) 100vw, 300px\" \/><\/div><\/a>\n\t\t\t\t<div class=\"elementor-post__badge\">Soci\u00e9t\u00e9<\/div>\n\t\t\t\t<div class=\"elementor-post__text\">\n\t\t\t\t<h3 class=\"elementor-post__title\">\n\t\t\t<a href=\"https:\/\/www.lycee-eca.fr\/actu\/jai-ete-frontalier-durant-plusieurs-annees-et-prepare-aujourdhui-ma-retraite-comment-recuperer-des-trimestres-travailles-en-suisse\/\" >\n\t\t\t\tJ&rsquo;ai \u00e9t\u00e9 frontalier durant plusieurs ann\u00e9es et pr\u00e9pare aujourd&rsquo;hui ma retraite : comment r\u00e9cup\u00e9rer des trimestres travaill\u00e9s en Suisse ?\t\t\t<\/a>\n\t\t<\/h3>\n\t\t\t\t<\/div>\n\t\t\t\t<div class=\"elementor-post__meta-data\">\n\t\t\t\t\t<span class=\"elementor-post-date\">\n\t\t\t13 octobre 2025\t\t<\/span>\n\t\t\t\t<\/div>\n\t\t\t\t\t<\/div>\n\t\t<\/article>\n\t\t\t\t<article class=\"elementor-post elementor-grid-item post-2845 post type-post status-publish format-standard has-post-thumbnail category-societe\" role=\"listitem\">\n\t\t\t<div class=\"elementor-post__card\">\n\t\t\t\t<a class=\"elementor-post__thumbnail__link\" href=\"https:\/\/www.lycee-eca.fr\/actu\/virement-bancaire-mauvaise-nouvelle-les-transferts-en-ligne-seront-annules-pendant-4-jours-en-avril\/\" tabindex=\"-1\" ><div class=\"elementor-post__thumbnail\"><img alt=\"\" loading=\"lazy\" decoding=\"async\" width=\"300\" height=\"169\" src=\"https:\/\/www.lycee-eca.fr\/actu\/wp-content\/uploads\/2025\/09\/Virement-bancaire-mauvaise-nouvelle-les-transferts-en-ligne-seront-bloques-pendant-4-jours-en-avril-300x169.jpg\" class=\"attachment-medium size-medium wp-image-2846\" alt=\"\" srcset=\"https:\/\/www.lycee-eca.fr\/actu\/wp-content\/uploads\/2025\/09\/Virement-bancaire-mauvaise-nouvelle-les-transferts-en-ligne-seront-bloques-pendant-4-jours-en-avril-300x169.jpg 300w, https:\/\/www.lycee-eca.fr\/actu\/wp-content\/uploads\/2025\/09\/Virement-bancaire-mauvaise-nouvelle-les-transferts-en-ligne-seront-bloques-pendant-4-jours-en-avril-1024x576.jpg 1024w, https:\/\/www.lycee-eca.fr\/actu\/wp-content\/uploads\/2025\/09\/Virement-bancaire-mauvaise-nouvelle-les-transferts-en-ligne-seront-bloques-pendant-4-jours-en-avril-768x432.jpg 768w, https:\/\/www.lycee-eca.fr\/actu\/wp-content\/uploads\/2025\/09\/Virement-bancaire-mauvaise-nouvelle-les-transferts-en-ligne-seront-bloques-pendant-4-jours-en-avril.jpg 1200w\" sizes=\"(max-width: 300px) 100vw, 300px\" \/><\/div><\/a>\n\t\t\t\t<div class=\"elementor-post__badge\">Soci\u00e9t\u00e9<\/div>\n\t\t\t\t<div class=\"elementor-post__text\">\n\t\t\t\t<h3 class=\"elementor-post__title\">\n\t\t\t<a href=\"https:\/\/www.lycee-eca.fr\/actu\/virement-bancaire-mauvaise-nouvelle-les-transferts-en-ligne-seront-annules-pendant-4-jours-en-avril\/\" >\n\t\t\t\tVirement bancaire : mauvaise nouvelle, les transferts en ligne seront annul\u00e9s pendant 4 jours en avril\t\t\t<\/a>\n\t\t<\/h3>\n\t\t\t\t<\/div>\n\t\t\t\t<div class=\"elementor-post__meta-data\">\n\t\t\t\t\t<span class=\"elementor-post-date\">\n\t\t\t13 octobre 2025\t\t<\/span>\n\t\t\t\t<\/div>\n\t\t\t\t\t<\/div>\n\t\t<\/article>\n\t\t\t\t<article class=\"elementor-post elementor-grid-item post-3062 post type-post status-publish format-standard has-post-thumbnail category-societe\" role=\"listitem\">\n\t\t\t<div class=\"elementor-post__card\">\n\t\t\t\t<a class=\"elementor-post__thumbnail__link\" href=\"https:\/\/www.lycee-eca.fr\/actu\/jai-teste-pour-vous-les-lettres-de-motivation-ecrites-par-lia-les-resultats-sont-edifiants\/\" tabindex=\"-1\" ><div class=\"elementor-post__thumbnail\"><img alt=\"\" loading=\"lazy\" decoding=\"async\" width=\"300\" height=\"169\" src=\"https:\/\/www.lycee-eca.fr\/actu\/wp-content\/uploads\/2025\/09\/Jai-teste-pour-vous-les-lettres-de-motivation-ecrites-par-lIA-les-resultats-sont-edifiants-300x169.jpg\" class=\"attachment-medium size-medium wp-image-3063\" alt=\"\" srcset=\"https:\/\/www.lycee-eca.fr\/actu\/wp-content\/uploads\/2025\/09\/Jai-teste-pour-vous-les-lettres-de-motivation-ecrites-par-lIA-les-resultats-sont-edifiants-300x169.jpg 300w, https:\/\/www.lycee-eca.fr\/actu\/wp-content\/uploads\/2025\/09\/Jai-teste-pour-vous-les-lettres-de-motivation-ecrites-par-lIA-les-resultats-sont-edifiants-1024x576.jpg 1024w, https:\/\/www.lycee-eca.fr\/actu\/wp-content\/uploads\/2025\/09\/Jai-teste-pour-vous-les-lettres-de-motivation-ecrites-par-lIA-les-resultats-sont-edifiants-768x432.jpg 768w, https:\/\/www.lycee-eca.fr\/actu\/wp-content\/uploads\/2025\/09\/Jai-teste-pour-vous-les-lettres-de-motivation-ecrites-par-lIA-les-resultats-sont-edifiants.jpg 1200w\" sizes=\"(max-width: 300px) 100vw, 300px\" \/><\/div><\/a>\n\t\t\t\t<div class=\"elementor-post__badge\">Soci\u00e9t\u00e9<\/div>\n\t\t\t\t<div class=\"elementor-post__text\">\n\t\t\t\t<h3 class=\"elementor-post__title\">\n\t\t\t<a href=\"https:\/\/www.lycee-eca.fr\/actu\/jai-teste-pour-vous-les-lettres-de-motivation-ecrites-par-lia-les-resultats-sont-edifiants\/\" >\n\t\t\t\t\u201cJ\u2019ai test\u00e9 pour vous les lettres de motivation \u00e9crites par l\u2019IA\u201d, les r\u00e9sultats sont \u00e9difiants\t\t\t<\/a>\n\t\t<\/h3>\n\t\t\t\t<\/div>\n\t\t\t\t<div class=\"elementor-post__meta-data\">\n\t\t\t\t\t<span class=\"elementor-post-date\">\n\t\t\t13 octobre 2025\t\t<\/span>\n\t\t\t\t<\/div>\n\t\t\t\t\t<\/div>\n\t\t<\/article>\n\t\t\t\t<article class=\"elementor-post elementor-grid-item post-2893 post type-post status-publish format-standard has-post-thumbnail category-societe\" role=\"listitem\">\n\t\t\t<div class=\"elementor-post__card\">\n\t\t\t\t<a class=\"elementor-post__thumbnail__link\" href=\"https:\/\/www.lycee-eca.fr\/actu\/demarches-amendes-expulsions-voici-ce-que-dit-reellement-la-loi-en-cas-de-residence-squattee\/\" tabindex=\"-1\" ><div class=\"elementor-post__thumbnail\"><img alt=\"\" loading=\"lazy\" decoding=\"async\" width=\"300\" height=\"169\" src=\"https:\/\/www.lycee-eca.fr\/actu\/wp-content\/uploads\/2025\/09\/demarches-amendes-expulsions.-voici-ce-que-dit-reellement-la-loi-en-cas-de-residence-squattee-300x169.jpg\" class=\"attachment-medium size-medium wp-image-2894\" alt=\"\" srcset=\"https:\/\/www.lycee-eca.fr\/actu\/wp-content\/uploads\/2025\/09\/demarches-amendes-expulsions.-voici-ce-que-dit-reellement-la-loi-en-cas-de-residence-squattee-300x169.jpg 300w, https:\/\/www.lycee-eca.fr\/actu\/wp-content\/uploads\/2025\/09\/demarches-amendes-expulsions.-voici-ce-que-dit-reellement-la-loi-en-cas-de-residence-squattee-1024x576.jpg 1024w, https:\/\/www.lycee-eca.fr\/actu\/wp-content\/uploads\/2025\/09\/demarches-amendes-expulsions.-voici-ce-que-dit-reellement-la-loi-en-cas-de-residence-squattee-768x432.jpg 768w, https:\/\/www.lycee-eca.fr\/actu\/wp-content\/uploads\/2025\/09\/demarches-amendes-expulsions.-voici-ce-que-dit-reellement-la-loi-en-cas-de-residence-squattee.jpg 1280w\" sizes=\"(max-width: 300px) 100vw, 300px\" \/><\/div><\/a>\n\t\t\t\t<div class=\"elementor-post__badge\">Soci\u00e9t\u00e9<\/div>\n\t\t\t\t<div class=\"elementor-post__text\">\n\t\t\t\t<h3 class=\"elementor-post__title\">\n\t\t\t<a href=\"https:\/\/www.lycee-eca.fr\/actu\/demarches-amendes-expulsions-voici-ce-que-dit-reellement-la-loi-en-cas-de-residence-squattee\/\" >\n\t\t\t\tD\u00e9marches, amendes, expulsions&#8230; : voici ce que dit r\u00e9ellement la loi en cas de r\u00e9sidence squatt\u00e9e\t\t\t<\/a>\n\t\t<\/h3>\n\t\t\t\t<\/div>\n\t\t\t\t<div class=\"elementor-post__meta-data\">\n\t\t\t\t\t<span class=\"elementor-post-date\">\n\t\t\t13 octobre 2025\t\t<\/span>\n\t\t\t\t<\/div>\n\t\t\t\t\t<\/div>\n\t\t<\/article>\n\t\t\t\t<article class=\"elementor-post elementor-grid-item post-2927 post type-post status-publish format-standard has-post-thumbnail category-societe\" role=\"listitem\">\n\t\t\t<div class=\"elementor-post__card\">\n\t\t\t\t<a class=\"elementor-post__thumbnail__link\" href=\"https:\/\/www.lycee-eca.fr\/actu\/aujourdhui-retraite-jai-touche-le-rsa-toute-ma-vie-voici-le-montant-exact-de-ma-pension\/\" tabindex=\"-1\" ><div class=\"elementor-post__thumbnail\"><img alt=\"\" loading=\"lazy\" decoding=\"async\" width=\"300\" height=\"169\" src=\"https:\/\/www.lycee-eca.fr\/actu\/wp-content\/uploads\/2025\/09\/aujourdhui-retraite-jai-touche-le-rsa-toute-ma-vie-voici-le-montant-exact-de-ma-pension-300x169.jpg\" class=\"attachment-medium size-medium wp-image-2928\" alt=\"\" srcset=\"https:\/\/www.lycee-eca.fr\/actu\/wp-content\/uploads\/2025\/09\/aujourdhui-retraite-jai-touche-le-rsa-toute-ma-vie-voici-le-montant-exact-de-ma-pension-300x169.jpg 300w, https:\/\/www.lycee-eca.fr\/actu\/wp-content\/uploads\/2025\/09\/aujourdhui-retraite-jai-touche-le-rsa-toute-ma-vie-voici-le-montant-exact-de-ma-pension-1024x576.jpg 1024w, https:\/\/www.lycee-eca.fr\/actu\/wp-content\/uploads\/2025\/09\/aujourdhui-retraite-jai-touche-le-rsa-toute-ma-vie-voici-le-montant-exact-de-ma-pension-768x432.jpg 768w, https:\/\/www.lycee-eca.fr\/actu\/wp-content\/uploads\/2025\/09\/aujourdhui-retraite-jai-touche-le-rsa-toute-ma-vie-voici-le-montant-exact-de-ma-pension.jpg 1280w\" sizes=\"(max-width: 300px) 100vw, 300px\" \/><\/div><\/a>\n\t\t\t\t<div class=\"elementor-post__badge\">Soci\u00e9t\u00e9<\/div>\n\t\t\t\t<div class=\"elementor-post__text\">\n\t\t\t\t<h3 class=\"elementor-post__title\">\n\t\t\t<a href=\"https:\/\/www.lycee-eca.fr\/actu\/aujourdhui-retraite-jai-touche-le-rsa-toute-ma-vie-voici-le-montant-exact-de-ma-pension\/\" >\n\t\t\t\tAujourd&rsquo;hui retrait\u00e9, j&rsquo;ai touch\u00e9 le RSA toute ma vie : voici le montant exact de ma pension\t\t\t<\/a>\n\t\t<\/h3>\n\t\t\t\t<\/div>\n\t\t\t\t<div class=\"elementor-post__meta-data\">\n\t\t\t\t\t<span class=\"elementor-post-date\">\n\t\t\t13 octobre 2025\t\t<\/span>\n\t\t\t\t<\/div>\n\t\t\t\t\t<\/div>\n\t\t<\/article>\n\t\t\t\t<article class=\"elementor-post elementor-grid-item post-2899 post type-post status-publish format-standard has-post-thumbnail category-societe\" role=\"listitem\">\n\t\t\t<div class=\"elementor-post__card\">\n\t\t\t\t<a class=\"elementor-post__thumbnail__link\" href=\"https:\/\/www.lycee-eca.fr\/actu\/ce-symptome-anodin-aux-pieds-peut-reveler-trois-maladies-graves\/\" tabindex=\"-1\" ><div class=\"elementor-post__thumbnail\"><img alt=\"\" loading=\"lazy\" decoding=\"async\" width=\"300\" height=\"169\" src=\"https:\/\/www.lycee-eca.fr\/actu\/wp-content\/uploads\/2025\/09\/Ce-symptome-anodin-aux-pieds-peut-reveler-trois-maladies-graves-300x169.jpg\" class=\"attachment-medium size-medium wp-image-2900\" alt=\"\" srcset=\"https:\/\/www.lycee-eca.fr\/actu\/wp-content\/uploads\/2025\/09\/Ce-symptome-anodin-aux-pieds-peut-reveler-trois-maladies-graves-300x169.jpg 300w, https:\/\/www.lycee-eca.fr\/actu\/wp-content\/uploads\/2025\/09\/Ce-symptome-anodin-aux-pieds-peut-reveler-trois-maladies-graves-1024x576.jpg 1024w, https:\/\/www.lycee-eca.fr\/actu\/wp-content\/uploads\/2025\/09\/Ce-symptome-anodin-aux-pieds-peut-reveler-trois-maladies-graves-768x432.jpg 768w, https:\/\/www.lycee-eca.fr\/actu\/wp-content\/uploads\/2025\/09\/Ce-symptome-anodin-aux-pieds-peut-reveler-trois-maladies-graves.jpg 1200w\" sizes=\"(max-width: 300px) 100vw, 300px\" \/><\/div><\/a>\n\t\t\t\t<div class=\"elementor-post__badge\">Soci\u00e9t\u00e9<\/div>\n\t\t\t\t<div class=\"elementor-post__text\">\n\t\t\t\t<h3 class=\"elementor-post__title\">\n\t\t\t<a href=\"https:\/\/www.lycee-eca.fr\/actu\/ce-symptome-anodin-aux-pieds-peut-reveler-trois-maladies-graves\/\" >\n\t\t\t\tCe sympt\u00f4me anodin aux pieds peut r\u00e9v\u00e9ler trois maladies graves\t\t\t<\/a>\n\t\t<\/h3>\n\t\t\t\t<\/div>\n\t\t\t\t<div class=\"elementor-post__meta-data\">\n\t\t\t\t\t<span class=\"elementor-post-date\">\n\t\t\t13 octobre 2025\t\t<\/span>\n\t\t\t\t<\/div>\n\t\t\t\t\t<\/div>\n\t\t<\/article>\n\t\t\t\t<article class=\"elementor-post elementor-grid-item post-3050 post type-post status-publish format-standard has-post-thumbnail category-societe\" role=\"listitem\">\n\t\t\t<div class=\"elementor-post__card\">\n\t\t\t\t<a class=\"elementor-post__thumbnail__link\" href=\"https:\/\/www.lycee-eca.fr\/actu\/cest-la-fin-des-hlm-ce-projet-de-loi-pourrait-tout-bouleverser-pour-ces-17-million-de-locataires\/\" tabindex=\"-1\" ><div class=\"elementor-post__thumbnail\"><img alt=\"\" loading=\"lazy\" decoding=\"async\" width=\"300\" height=\"169\" src=\"https:\/\/www.lycee-eca.fr\/actu\/wp-content\/uploads\/2025\/09\/Cest-la-fin-des-HLM-ce-projet-de-loi-pourrait-tout-bouleverser-pour-ces-17-million-de-locataires-300x169.jpg\" class=\"attachment-medium size-medium wp-image-3051\" alt=\"\" srcset=\"https:\/\/www.lycee-eca.fr\/actu\/wp-content\/uploads\/2025\/09\/Cest-la-fin-des-HLM-ce-projet-de-loi-pourrait-tout-bouleverser-pour-ces-17-million-de-locataires-300x169.jpg 300w, https:\/\/www.lycee-eca.fr\/actu\/wp-content\/uploads\/2025\/09\/Cest-la-fin-des-HLM-ce-projet-de-loi-pourrait-tout-bouleverser-pour-ces-17-million-de-locataires-1024x576.jpg 1024w, https:\/\/www.lycee-eca.fr\/actu\/wp-content\/uploads\/2025\/09\/Cest-la-fin-des-HLM-ce-projet-de-loi-pourrait-tout-bouleverser-pour-ces-17-million-de-locataires-768x432.jpg 768w, https:\/\/www.lycee-eca.fr\/actu\/wp-content\/uploads\/2025\/09\/Cest-la-fin-des-HLM-ce-projet-de-loi-pourrait-tout-bouleverser-pour-ces-17-million-de-locataires.jpg 1200w\" sizes=\"(max-width: 300px) 100vw, 300px\" \/><\/div><\/a>\n\t\t\t\t<div class=\"elementor-post__badge\">Soci\u00e9t\u00e9<\/div>\n\t\t\t\t<div class=\"elementor-post__text\">\n\t\t\t\t<h3 class=\"elementor-post__title\">\n\t\t\t<a href=\"https:\/\/www.lycee-eca.fr\/actu\/cest-la-fin-des-hlm-ce-projet-de-loi-pourrait-tout-bouleverser-pour-ces-17-million-de-locataires\/\" >\n\t\t\t\tC\u2019est la fin des HLM : ce projet de loi pourrait tout bouleverser pour ces 1,7 million de locataires\t\t\t<\/a>\n\t\t<\/h3>\n\t\t\t\t<\/div>\n\t\t\t\t<div class=\"elementor-post__meta-data\">\n\t\t\t\t\t<span class=\"elementor-post-date\">\n\t\t\t12 octobre 2025\t\t<\/span>\n\t\t\t\t<\/div>\n\t\t\t\t\t<\/div>\n\t\t<\/article>\n\t\t\t\t<article class=\"elementor-post elementor-grid-item post-2855 post type-post status-publish format-standard has-post-thumbnail category-societe\" role=\"listitem\">\n\t\t\t<div class=\"elementor-post__card\">\n\t\t\t\t<a class=\"elementor-post__thumbnail__link\" href=\"https:\/\/www.lycee-eca.fr\/actu\/pourquoi-une-mesange-frappe-a-votre-fenetre-voici-le-message-important-quelle-essaie-de-vous-faire-passer\/\" tabindex=\"-1\" ><div class=\"elementor-post__thumbnail\"><img alt=\"\" loading=\"lazy\" decoding=\"async\" width=\"300\" height=\"169\" src=\"https:\/\/www.lycee-eca.fr\/actu\/wp-content\/uploads\/2025\/09\/1000016858-300x169.jpg\" class=\"attachment-medium size-medium wp-image-2856\" alt=\"\" srcset=\"https:\/\/www.lycee-eca.fr\/actu\/wp-content\/uploads\/2025\/09\/1000016858-300x169.jpg 300w, https:\/\/www.lycee-eca.fr\/actu\/wp-content\/uploads\/2025\/09\/1000016858-1024x576.jpg 1024w, https:\/\/www.lycee-eca.fr\/actu\/wp-content\/uploads\/2025\/09\/1000016858-768x432.jpg 768w, https:\/\/www.lycee-eca.fr\/actu\/wp-content\/uploads\/2025\/09\/1000016858.jpg 1200w\" sizes=\"(max-width: 300px) 100vw, 300px\" \/><\/div><\/a>\n\t\t\t\t<div class=\"elementor-post__badge\">Soci\u00e9t\u00e9<\/div>\n\t\t\t\t<div class=\"elementor-post__text\">\n\t\t\t\t<h3 class=\"elementor-post__title\">\n\t\t\t<a href=\"https:\/\/www.lycee-eca.fr\/actu\/pourquoi-une-mesange-frappe-a-votre-fenetre-voici-le-message-important-quelle-essaie-de-vous-faire-passer\/\" >\n\t\t\t\tPourquoi une m\u00e9sange frappe \u00e0 votre fen\u00eatre ? Voici le message important qu\u2019elle essaie de vous faire passer\t\t\t<\/a>\n\t\t<\/h3>\n\t\t\t\t<\/div>\n\t\t\t\t<div class=\"elementor-post__meta-data\">\n\t\t\t\t\t<span class=\"elementor-post-date\">\n\t\t\t12 octobre 2025\t\t<\/span>\n\t\t\t\t<\/div>\n\t\t\t\t\t<\/div>\n\t\t<\/article>\n\t\t\t\t<article class=\"elementor-post elementor-grid-item post-3116 post type-post status-publish format-standard has-post-thumbnail category-societe\" role=\"listitem\">\n\t\t\t<div class=\"elementor-post__card\">\n\t\t\t\t<a class=\"elementor-post__thumbnail__link\" href=\"https:\/\/www.lycee-eca.fr\/actu\/retraites-lassurance-retraite-met-en-garde-contre-une-vague-de-fake-news-creees-par-lia-qui-inquiete-les-assures\/\" tabindex=\"-1\" ><div class=\"elementor-post__thumbnail\"><img alt=\"\" loading=\"lazy\" decoding=\"async\" width=\"300\" height=\"169\" src=\"https:\/\/www.lycee-eca.fr\/actu\/wp-content\/uploads\/2025\/09\/retraites-lassurance-retraite-met-en-garde-contre-une-vague-de-fake-news-creees-par-lia-qui-inquiete-les-assures-300x169.jpg\" class=\"attachment-medium size-medium wp-image-3117\" alt=\"\" srcset=\"https:\/\/www.lycee-eca.fr\/actu\/wp-content\/uploads\/2025\/09\/retraites-lassurance-retraite-met-en-garde-contre-une-vague-de-fake-news-creees-par-lia-qui-inquiete-les-assures-300x169.jpg 300w, https:\/\/www.lycee-eca.fr\/actu\/wp-content\/uploads\/2025\/09\/retraites-lassurance-retraite-met-en-garde-contre-une-vague-de-fake-news-creees-par-lia-qui-inquiete-les-assures-1024x576.jpg 1024w, https:\/\/www.lycee-eca.fr\/actu\/wp-content\/uploads\/2025\/09\/retraites-lassurance-retraite-met-en-garde-contre-une-vague-de-fake-news-creees-par-lia-qui-inquiete-les-assures-768x432.jpg 768w, https:\/\/www.lycee-eca.fr\/actu\/wp-content\/uploads\/2025\/09\/retraites-lassurance-retraite-met-en-garde-contre-une-vague-de-fake-news-creees-par-lia-qui-inquiete-les-assures.jpg 1280w\" sizes=\"(max-width: 300px) 100vw, 300px\" \/><\/div><\/a>\n\t\t\t\t<div class=\"elementor-post__badge\">Soci\u00e9t\u00e9<\/div>\n\t\t\t\t<div class=\"elementor-post__text\">\n\t\t\t\t<h3 class=\"elementor-post__title\">\n\t\t\t<a href=\"https:\/\/www.lycee-eca.fr\/actu\/retraites-lassurance-retraite-met-en-garde-contre-une-vague-de-fake-news-creees-par-lia-qui-inquiete-les-assures\/\" >\n\t\t\t\tRetraites : l&rsquo;Assurance Retraite met en garde contre une vague de fake news cr\u00e9\u00e9es par l\u2019IA qui inqui\u00e8te les assur\u00e9s\t\t\t<\/a>\n\t\t<\/h3>\n\t\t\t\t<\/div>\n\t\t\t\t<div class=\"elementor-post__meta-data\">\n\t\t\t\t\t<span class=\"elementor-post-date\">\n\t\t\t12 octobre 2025\t\t<\/span>\n\t\t\t\t<\/div>\n\t\t\t\t\t<\/div>\n\t\t<\/article>\n\t\t\t\t<article class=\"elementor-post elementor-grid-item post-3253 post type-post status-publish format-standard has-post-thumbnail category-societe\" role=\"listitem\">\n\t\t\t<div class=\"elementor-post__card\">\n\t\t\t\t<a class=\"elementor-post__thumbnail__link\" href=\"https:\/\/www.lycee-eca.fr\/actu\/ne-jetez-plus-vos-pepins-de-melon-faites-ceci-avec-cet-ete-vous-allez-vous-regaler\/\" tabindex=\"-1\" ><div class=\"elementor-post__thumbnail\"><img alt=\"\" loading=\"lazy\" decoding=\"async\" width=\"300\" height=\"169\" src=\"https:\/\/www.lycee-eca.fr\/actu\/wp-content\/uploads\/2025\/09\/ne-jetez-plus-vos-pepins-de-melon-faites-ceci-avec-cet-ete-vous-allez-vous-regaler-300x169.jpg\" class=\"attachment-medium size-medium wp-image-3254\" alt=\"\" srcset=\"https:\/\/www.lycee-eca.fr\/actu\/wp-content\/uploads\/2025\/09\/ne-jetez-plus-vos-pepins-de-melon-faites-ceci-avec-cet-ete-vous-allez-vous-regaler-300x169.jpg 300w, https:\/\/www.lycee-eca.fr\/actu\/wp-content\/uploads\/2025\/09\/ne-jetez-plus-vos-pepins-de-melon-faites-ceci-avec-cet-ete-vous-allez-vous-regaler-1024x576.jpg 1024w, https:\/\/www.lycee-eca.fr\/actu\/wp-content\/uploads\/2025\/09\/ne-jetez-plus-vos-pepins-de-melon-faites-ceci-avec-cet-ete-vous-allez-vous-regaler-768x432.jpg 768w, https:\/\/www.lycee-eca.fr\/actu\/wp-content\/uploads\/2025\/09\/ne-jetez-plus-vos-pepins-de-melon-faites-ceci-avec-cet-ete-vous-allez-vous-regaler.jpg 1280w\" sizes=\"(max-width: 300px) 100vw, 300px\" \/><\/div><\/a>\n\t\t\t\t<div class=\"elementor-post__badge\">Soci\u00e9t\u00e9<\/div>\n\t\t\t\t<div class=\"elementor-post__text\">\n\t\t\t\t<h3 class=\"elementor-post__title\">\n\t\t\t<a href=\"https:\/\/www.lycee-eca.fr\/actu\/ne-jetez-plus-vos-pepins-de-melon-faites-ceci-avec-cet-ete-vous-allez-vous-regaler\/\" >\n\t\t\t\tNe jetez plus vos p\u00e9pins de melon ! Faites ceci avec cet \u00e9t\u00e9 (vous allez vous r\u00e9galer)\t\t\t<\/a>\n\t\t<\/h3>\n\t\t\t\t<\/div>\n\t\t\t\t<div class=\"elementor-post__meta-data\">\n\t\t\t\t\t<span class=\"elementor-post-date\">\n\t\t\t12 octobre 2025\t\t<\/span>\n\t\t\t\t<\/div>\n\t\t\t\t\t<\/div>\n\t\t<\/article>\n\t\t\t\t<article class=\"elementor-post elementor-grid-item post-3261 post type-post status-publish format-standard has-post-thumbnail category-societe\" role=\"listitem\">\n\t\t\t<div class=\"elementor-post__card\">\n\t\t\t\t<a class=\"elementor-post__thumbnail__link\" href=\"https:\/\/www.lycee-eca.fr\/actu\/cette-nouvelle-arnaque-lidl-dont-vous-devez-vous-mefier-ca-pourrait-vous-couter-cher\/\" tabindex=\"-1\" ><div class=\"elementor-post__thumbnail\"><img alt=\"\" loading=\"lazy\" decoding=\"async\" width=\"300\" height=\"169\" src=\"https:\/\/www.lycee-eca.fr\/actu\/wp-content\/uploads\/2025\/09\/Cette-nouvelle-arnaque-Lidl-dont-vous-devez-vous-mefier-ca-pourrait-vous-couter-cher-300x169.jpg\" class=\"attachment-medium size-medium wp-image-3262\" alt=\"\" srcset=\"https:\/\/www.lycee-eca.fr\/actu\/wp-content\/uploads\/2025\/09\/Cette-nouvelle-arnaque-Lidl-dont-vous-devez-vous-mefier-ca-pourrait-vous-couter-cher-300x169.jpg 300w, https:\/\/www.lycee-eca.fr\/actu\/wp-content\/uploads\/2025\/09\/Cette-nouvelle-arnaque-Lidl-dont-vous-devez-vous-mefier-ca-pourrait-vous-couter-cher-1024x576.jpg 1024w, https:\/\/www.lycee-eca.fr\/actu\/wp-content\/uploads\/2025\/09\/Cette-nouvelle-arnaque-Lidl-dont-vous-devez-vous-mefier-ca-pourrait-vous-couter-cher-768x432.jpg 768w, https:\/\/www.lycee-eca.fr\/actu\/wp-content\/uploads\/2025\/09\/Cette-nouvelle-arnaque-Lidl-dont-vous-devez-vous-mefier-ca-pourrait-vous-couter-cher.jpg 1200w\" sizes=\"(max-width: 300px) 100vw, 300px\" \/><\/div><\/a>\n\t\t\t\t<div class=\"elementor-post__badge\">Soci\u00e9t\u00e9<\/div>\n\t\t\t\t<div class=\"elementor-post__text\">\n\t\t\t\t<h3 class=\"elementor-post__title\">\n\t\t\t<a href=\"https:\/\/www.lycee-eca.fr\/actu\/cette-nouvelle-arnaque-lidl-dont-vous-devez-vous-mefier-ca-pourrait-vous-couter-cher\/\" >\n\t\t\t\tCette nouvelle arnaque Lidl dont vous devez vous m\u00e9fier, \u00e7a pourrait vous co\u00fbter cher\t\t\t<\/a>\n\t\t<\/h3>\n\t\t\t\t<\/div>\n\t\t\t\t<div class=\"elementor-post__meta-data\">\n\t\t\t\t\t<span class=\"elementor-post-date\">\n\t\t\t12 octobre 2025\t\t<\/span>\n\t\t\t\t<\/div>\n\t\t\t\t\t<\/div>\n\t\t<\/article>\n\t\t\t\t<article class=\"elementor-post elementor-grid-item post-2953 post type-post status-publish format-standard has-post-thumbnail category-societe\" role=\"listitem\">\n\t\t\t<div class=\"elementor-post__card\">\n\t\t\t\t<a class=\"elementor-post__thumbnail__link\" href=\"https:\/\/www.lycee-eca.fr\/actu\/tomates-voici-le-geste-simple-et-naturel-a-faire-en-aout-pour-des-fruits-plus-sucres-et-une-recolte-abondante\/\" tabindex=\"-1\" ><div class=\"elementor-post__thumbnail\"><img alt=\"\" loading=\"lazy\" decoding=\"async\" width=\"300\" height=\"169\" src=\"https:\/\/www.lycee-eca.fr\/actu\/wp-content\/uploads\/2025\/09\/tomates-voici-le-geste-simple-et-naturel-a-faire-en-aout-pour-des-fruits-plus-sucres-et-une-recolte-abondante-300x169.jpg\" class=\"attachment-medium size-medium wp-image-2954\" alt=\"\" srcset=\"https:\/\/www.lycee-eca.fr\/actu\/wp-content\/uploads\/2025\/09\/tomates-voici-le-geste-simple-et-naturel-a-faire-en-aout-pour-des-fruits-plus-sucres-et-une-recolte-abondante-300x169.jpg 300w, https:\/\/www.lycee-eca.fr\/actu\/wp-content\/uploads\/2025\/09\/tomates-voici-le-geste-simple-et-naturel-a-faire-en-aout-pour-des-fruits-plus-sucres-et-une-recolte-abondante-1024x576.jpg 1024w, https:\/\/www.lycee-eca.fr\/actu\/wp-content\/uploads\/2025\/09\/tomates-voici-le-geste-simple-et-naturel-a-faire-en-aout-pour-des-fruits-plus-sucres-et-une-recolte-abondante-768x432.jpg 768w, https:\/\/www.lycee-eca.fr\/actu\/wp-content\/uploads\/2025\/09\/tomates-voici-le-geste-simple-et-naturel-a-faire-en-aout-pour-des-fruits-plus-sucres-et-une-recolte-abondante.jpg 1280w\" sizes=\"(max-width: 300px) 100vw, 300px\" \/><\/div><\/a>\n\t\t\t\t<div class=\"elementor-post__badge\">Soci\u00e9t\u00e9<\/div>\n\t\t\t\t<div class=\"elementor-post__text\">\n\t\t\t\t<h3 class=\"elementor-post__title\">\n\t\t\t<a href=\"https:\/\/www.lycee-eca.fr\/actu\/tomates-voici-le-geste-simple-et-naturel-a-faire-en-aout-pour-des-fruits-plus-sucres-et-une-recolte-abondante\/\" >\n\t\t\t\tTomates : voici le geste simple et naturel \u00e0 faire en ao\u00fbt pour des fruits plus sucr\u00e9s et une r\u00e9colte abondante\t\t\t<\/a>\n\t\t<\/h3>\n\t\t\t\t<\/div>\n\t\t\t\t<div class=\"elementor-post__meta-data\">\n\t\t\t\t\t<span class=\"elementor-post-date\">\n\t\t\t12 octobre 2025\t\t<\/span>\n\t\t\t\t<\/div>\n\t\t\t\t\t<\/div>\n\t\t<\/article>\n\t\t\t\t<article class=\"elementor-post elementor-grid-item post-3247 post type-post status-publish format-standard has-post-thumbnail category-societe\" role=\"listitem\">\n\t\t\t<div class=\"elementor-post__card\">\n\t\t\t\t<a class=\"elementor-post__thumbnail__link\" href=\"https:\/\/www.lycee-eca.fr\/actu\/les-sms-cest-definitivement-termine-il-ne-sera-plus-possible-denvoyer-de-messages-apres-cette-date-en-2025\/\" tabindex=\"-1\" ><div class=\"elementor-post__thumbnail\"><img alt=\"\" loading=\"lazy\" decoding=\"async\" width=\"300\" height=\"169\" src=\"https:\/\/www.lycee-eca.fr\/actu\/wp-content\/uploads\/2025\/09\/La-fin-definitive-des-SMS-1-300x169.jpg\" class=\"attachment-medium size-medium wp-image-3248\" alt=\"\" srcset=\"https:\/\/www.lycee-eca.fr\/actu\/wp-content\/uploads\/2025\/09\/La-fin-definitive-des-SMS-1-300x169.jpg 300w, https:\/\/www.lycee-eca.fr\/actu\/wp-content\/uploads\/2025\/09\/La-fin-definitive-des-SMS-1-1024x576.jpg 1024w, https:\/\/www.lycee-eca.fr\/actu\/wp-content\/uploads\/2025\/09\/La-fin-definitive-des-SMS-1-768x432.jpg 768w, https:\/\/www.lycee-eca.fr\/actu\/wp-content\/uploads\/2025\/09\/La-fin-definitive-des-SMS-1.jpg 1200w\" sizes=\"(max-width: 300px) 100vw, 300px\" \/><\/div><\/a>\n\t\t\t\t<div class=\"elementor-post__badge\">Soci\u00e9t\u00e9<\/div>\n\t\t\t\t<div class=\"elementor-post__text\">\n\t\t\t\t<h3 class=\"elementor-post__title\">\n\t\t\t<a href=\"https:\/\/www.lycee-eca.fr\/actu\/les-sms-cest-definitivement-termine-il-ne-sera-plus-possible-denvoyer-de-messages-apres-cette-date-en-2025\/\" >\n\t\t\t\tLes SMS c\u2019est d\u00e9finitivement termin\u00e9, il ne sera plus possible d\u2019envoyer de messages apr\u00e8s cette date en 2025\t\t\t<\/a>\n\t\t<\/h3>\n\t\t\t\t<\/div>\n\t\t\t\t<div class=\"elementor-post__meta-data\">\n\t\t\t\t\t<span class=\"elementor-post-date\">\n\t\t\t12 octobre 2025\t\t<\/span>\n\t\t\t\t<\/div>\n\t\t\t\t\t<\/div>\n\t\t<\/article>\n\t\t\t\t<article class=\"elementor-post elementor-grid-item post-3092 post type-post status-publish format-standard has-post-thumbnail category-societe\" role=\"listitem\">\n\t\t\t<div class=\"elementor-post__card\">\n\t\t\t\t<a class=\"elementor-post__thumbnail__link\" href=\"https:\/\/www.lycee-eca.fr\/actu\/la-vieille-carte-didentite-cest-fini-voici-comment-obtenir-le-format-carte-bancaire-en-2025\/\" tabindex=\"-1\" ><div class=\"elementor-post__thumbnail\"><img alt=\"\" loading=\"lazy\" decoding=\"async\" width=\"300\" height=\"169\" src=\"https:\/\/www.lycee-eca.fr\/actu\/wp-content\/uploads\/2025\/09\/La-vieille-carte-didentite-cest-fini-voici-comment-obtenir-le-format-carte-bancaire-en-2025-300x169.jpg\" class=\"attachment-medium size-medium wp-image-3093\" alt=\"\" srcset=\"https:\/\/www.lycee-eca.fr\/actu\/wp-content\/uploads\/2025\/09\/La-vieille-carte-didentite-cest-fini-voici-comment-obtenir-le-format-carte-bancaire-en-2025-300x169.jpg 300w, https:\/\/www.lycee-eca.fr\/actu\/wp-content\/uploads\/2025\/09\/La-vieille-carte-didentite-cest-fini-voici-comment-obtenir-le-format-carte-bancaire-en-2025-1024x576.jpg 1024w, https:\/\/www.lycee-eca.fr\/actu\/wp-content\/uploads\/2025\/09\/La-vieille-carte-didentite-cest-fini-voici-comment-obtenir-le-format-carte-bancaire-en-2025-768x432.jpg 768w, https:\/\/www.lycee-eca.fr\/actu\/wp-content\/uploads\/2025\/09\/La-vieille-carte-didentite-cest-fini-voici-comment-obtenir-le-format-carte-bancaire-en-2025.jpg 1200w\" sizes=\"(max-width: 300px) 100vw, 300px\" \/><\/div><\/a>\n\t\t\t\t<div class=\"elementor-post__badge\">Soci\u00e9t\u00e9<\/div>\n\t\t\t\t<div class=\"elementor-post__text\">\n\t\t\t\t<h3 class=\"elementor-post__title\">\n\t\t\t<a href=\"https:\/\/www.lycee-eca.fr\/actu\/la-vieille-carte-didentite-cest-fini-voici-comment-obtenir-le-format-carte-bancaire-en-2025\/\" >\n\t\t\t\tLa vieille carte d\u2019identit\u00e9 c\u2019est fini : voici comment obtenir le format \u00ab\u00a0carte bancaire\u00a0\u00bb en 2025\t\t\t<\/a>\n\t\t<\/h3>\n\t\t\t\t<\/div>\n\t\t\t\t<div class=\"elementor-post__meta-data\">\n\t\t\t\t\t<span class=\"elementor-post-date\">\n\t\t\t12 octobre 2025\t\t<\/span>\n\t\t\t\t<\/div>\n\t\t\t\t\t<\/div>\n\t\t<\/article>\n\t\t\t\t<article class=\"elementor-post elementor-grid-item post-3343 post type-post status-publish format-standard has-post-thumbnail category-societe\" role=\"listitem\">\n\t\t\t<div class=\"elementor-post__card\">\n\t\t\t\t<a class=\"elementor-post__thumbnail__link\" href=\"https:\/\/www.lycee-eca.fr\/actu\/linky-de-plus-en-plus-de-francais-entourent-le-compteur-avec-du-papier-aluminium-voici-pourquoi\/\" tabindex=\"-1\" ><div class=\"elementor-post__thumbnail\"><img alt=\"\" loading=\"lazy\" decoding=\"async\" width=\"300\" height=\"169\" src=\"https:\/\/www.lycee-eca.fr\/actu\/wp-content\/uploads\/2025\/09\/Linky-de-plus-en-plus-de-Francais-entourent-le-compteur-avec-du-papier-aluminium-voici-pourquoi-300x169.jpg\" class=\"attachment-medium size-medium wp-image-3344\" alt=\"\" srcset=\"https:\/\/www.lycee-eca.fr\/actu\/wp-content\/uploads\/2025\/09\/Linky-de-plus-en-plus-de-Francais-entourent-le-compteur-avec-du-papier-aluminium-voici-pourquoi-300x169.jpg 300w, https:\/\/www.lycee-eca.fr\/actu\/wp-content\/uploads\/2025\/09\/Linky-de-plus-en-plus-de-Francais-entourent-le-compteur-avec-du-papier-aluminium-voici-pourquoi-1024x576.jpg 1024w, https:\/\/www.lycee-eca.fr\/actu\/wp-content\/uploads\/2025\/09\/Linky-de-plus-en-plus-de-Francais-entourent-le-compteur-avec-du-papier-aluminium-voici-pourquoi-768x432.jpg 768w, https:\/\/www.lycee-eca.fr\/actu\/wp-content\/uploads\/2025\/09\/Linky-de-plus-en-plus-de-Francais-entourent-le-compteur-avec-du-papier-aluminium-voici-pourquoi.jpg 1200w\" sizes=\"(max-width: 300px) 100vw, 300px\" \/><\/div><\/a>\n\t\t\t\t<div class=\"elementor-post__badge\">Soci\u00e9t\u00e9<\/div>\n\t\t\t\t<div class=\"elementor-post__text\">\n\t\t\t\t<h3 class=\"elementor-post__title\">\n\t\t\t<a href=\"https:\/\/www.lycee-eca.fr\/actu\/linky-de-plus-en-plus-de-francais-entourent-le-compteur-avec-du-papier-aluminium-voici-pourquoi\/\" >\n\t\t\t\tLinky : de plus en plus de Fran\u00e7ais entourent le compteur avec du papier aluminium, voici pourquoi\t\t\t<\/a>\n\t\t<\/h3>\n\t\t\t\t<\/div>\n\t\t\t\t<div class=\"elementor-post__meta-data\">\n\t\t\t\t\t<span class=\"elementor-post-date\">\n\t\t\t12 octobre 2025\t\t<\/span>\n\t\t\t\t<\/div>\n\t\t\t\t\t<\/div>\n\t\t<\/article>\n\t\t\t\t<article class=\"elementor-post elementor-grid-item post-2897 post type-post status-publish format-standard has-post-thumbnail category-bien-etre\" role=\"listitem\">\n\t\t\t<div class=\"elementor-post__card\">\n\t\t\t\t<a class=\"elementor-post__thumbnail__link\" href=\"https:\/\/www.lycee-eca.fr\/actu\/ufc-que-choisir-lance-lalerte-sur-cette-chaine-de-boulangerie-elle-vend-le-plus-mauvais-pain-pour-la-sante\/\" tabindex=\"-1\" ><div class=\"elementor-post__thumbnail\"><img alt=\"\" loading=\"lazy\" decoding=\"async\" width=\"300\" height=\"169\" src=\"https:\/\/www.lycee-eca.fr\/actu\/wp-content\/uploads\/2025\/09\/UFC-Que-Choisir-alerte-sur-cette-chaine-de-boulangerie-elle-vend-le-plus-mauvais-pain-pour-la-sante-300x169.jpg\" class=\"attachment-medium size-medium wp-image-2898\" alt=\"\" srcset=\"https:\/\/www.lycee-eca.fr\/actu\/wp-content\/uploads\/2025\/09\/UFC-Que-Choisir-alerte-sur-cette-chaine-de-boulangerie-elle-vend-le-plus-mauvais-pain-pour-la-sante-300x169.jpg 300w, https:\/\/www.lycee-eca.fr\/actu\/wp-content\/uploads\/2025\/09\/UFC-Que-Choisir-alerte-sur-cette-chaine-de-boulangerie-elle-vend-le-plus-mauvais-pain-pour-la-sante-1024x576.jpg 1024w, https:\/\/www.lycee-eca.fr\/actu\/wp-content\/uploads\/2025\/09\/UFC-Que-Choisir-alerte-sur-cette-chaine-de-boulangerie-elle-vend-le-plus-mauvais-pain-pour-la-sante-768x432.jpg 768w, https:\/\/www.lycee-eca.fr\/actu\/wp-content\/uploads\/2025\/09\/UFC-Que-Choisir-alerte-sur-cette-chaine-de-boulangerie-elle-vend-le-plus-mauvais-pain-pour-la-sante.jpg 1200w\" sizes=\"(max-width: 300px) 100vw, 300px\" \/><\/div><\/a>\n\t\t\t\t<div class=\"elementor-post__badge\">Bien-\u00eatre<\/div>\n\t\t\t\t<div class=\"elementor-post__text\">\n\t\t\t\t<h3 class=\"elementor-post__title\">\n\t\t\t<a href=\"https:\/\/www.lycee-eca.fr\/actu\/ufc-que-choisir-lance-lalerte-sur-cette-chaine-de-boulangerie-elle-vend-le-plus-mauvais-pain-pour-la-sante\/\" >\n\t\t\t\tUFC-Que Choisir lance l\u2019alerte sur cette cha\u00eene de boulangerie : elle vend le plus mauvais pain pour la sant\u00e9\t\t\t<\/a>\n\t\t<\/h3>\n\t\t\t\t<\/div>\n\t\t\t\t<div class=\"elementor-post__meta-data\">\n\t\t\t\t\t<span class=\"elementor-post-date\">\n\t\t\t12 octobre 2025\t\t<\/span>\n\t\t\t\t<\/div>\n\t\t\t\t\t<\/div>\n\t\t<\/article>\n\t\t\t\t<\/div>\n\t\t\n\t\t\t\t\t\t<\/div>\n\t\t\t\t<\/div>\n\t\t\t\t<\/div>\n\t\t\t\t\t<\/div>\n\t\t\t\t<\/div>\n\t\t<div class=\"elementor-element elementor-element-2b295a5 e-flex e-con-boxed e-con e-parent\" data-id=\"2b295a5\" data-element_type=\"container\" data-e-type=\"container\">\n\t\t\t\t\t<div class=\"e-con-inner\">\n\t\t\t\t<div class=\"elementor-element elementor-element-ca876a3 elementor-widget elementor-widget-text-editor\" data-id=\"ca876a3\" data-element_type=\"widget\" data-e-type=\"widget\" data-widget_type=\"text-editor.default\">\n\t\t\t\t\t\t\t\t\t<p><strong>Lyc\u00e9eEca<\/strong> : un nom qui \u00e9voque les couloirs d\u2019un \u00e9tablissement, les discussions entre camarades, les d\u00e9couvertes qui marquent et les moments o\u00f9 l\u2019on apprend sans m\u00eame s\u2019en rendre compte.<\/p><p>C\u2019est cet esprit que nous avons voulu conserver : celui de la curiosit\u00e9, du m\u00e9lange des id\u00e9es et de la soif de comprendre.<\/p><p>Aujourd\u2019hui, Lyc\u00e9eEca n\u2019est pas un site d\u2019\u00e9ducation au sens strict, mais un blog g\u00e9n\u00e9raliste qui s\u2019adresse \u00e0 tous ceux qui veulent rester connect\u00e9s \u00e0 l\u2019air du temps. Ici, pas de programme fig\u00e9, mais une grande vari\u00e9t\u00e9 de sujets, trait\u00e9s avec \u00e9nergie et clart\u00e9 :<\/p><ul><li>\ud83d\udcf0 Actualit\u00e9 &amp; soci\u00e9t\u00e9 : d\u00e9crypter les changements du quotidien, de l\u2019\u00e9conomie aux nouvelles tendances sociales.<\/li><li>\ud83d\udca1 Vie pratique : conseils simples, astuces malines et petits coups de pouce pour am\u00e9liorer chaque jour.<\/li><li>\ud83c\udfad Culture &amp; divertissement : films, s\u00e9ries, musique, livres ou \u00e9v\u00e9nements qui nourrissent l\u2019imaginaire.<\/li><li>\ud83c\udf0d Insolite &amp; d\u00e9couvertes : ces histoires \u00e9tonnantes qui surprennent, amusent ou font r\u00e9fl\u00e9chir.<\/li><li>\ud83d\udcac T\u00e9moignages &amp; exp\u00e9riences : donner la parole \u00e0 celles et ceux qui partagent leurs v\u00e9cus.<\/li><\/ul><p>Comme dans une salle de classe o\u00f9 chaque \u00e9l\u00e8ve apporte sa personnalit\u00e9, chaque article est une voix diff\u00e9rente, mais toutes s\u2019accordent autour d\u2019un objectif : informer, surprendre et \u00e9veiller la curiosit\u00e9.<\/p><p>Lyc\u00e9eEca est pens\u00e9 comme une cour de r\u00e9cr\u00e9ation num\u00e9rique, un lieu o\u00f9 l\u2019on passe d\u2019un sujet \u00e0 l\u2019autre, parfois s\u00e9rieux, parfois l\u00e9ger, mais toujours avec l\u2019envie d\u2019apprendre quelque chose de nouveau. Parce qu\u2019au fond, on ne sort jamais vraiment du lyc\u00e9e : on continue toujours \u00e0 explorer, \u00e0 questionner, \u00e0 s\u2019\u00e9tonner. Et c\u2019est pr\u00e9cis\u00e9ment ce que nous voulons partager avec vous.<\/p>\t\t\t\t\t\t\t\t<\/div>\n\t\t\t\t\t<\/div>\n\t\t\t\t<\/div>\n\t\t\t\t<\/div>\n\t\t","protected":false},"excerpt":{"rendered":"<p>Lycee eca : Le magazine d&rsquo;actualit\u00e9s g\u00e9n\u00e9ralistes Lyc\u00e9eEca : un nom qui \u00e9voque les couloirs d\u2019un \u00e9tablissement, les discussions entre camarades, les d\u00e9couvertes qui marquent<\/p>\n","protected":false},"author":2,"featured_media":0,"parent":0,"menu_order":0,"comment_status":"closed","ping_status":"closed","template":"elementor_header_footer","meta":{"_seopress_robots_primary_cat":"","_seopress_titles_title":"%%sitetitle%% %%sep%% Magazine d'actualit\u00e9s en ligne","_seopress_titles_desc":"","_seopress_robots_index":"","footnotes":""},"class_list":["post-54","page","type-page","status-publish"],"_links":{"self":[{"href":"https:\/\/www.lycee-eca.fr\/actu\/wp-json\/wp\/v2\/pages\/54","targetHints":{"allow":["GET"]}}],"collection":[{"href":"https:\/\/www.lycee-eca.fr\/actu\/wp-json\/wp\/v2\/pages"}],"about":[{"href":"https:\/\/www.lycee-eca.fr\/actu\/wp-json\/wp\/v2\/types\/page"}],"author":[{"embeddable":true,"href":"https:\/\/www.lycee-eca.fr\/actu\/wp-json\/wp\/v2\/users\/2"}],"replies":[{"embeddable":true,"href":"https:\/\/www.lycee-eca.fr\/actu\/wp-json\/wp\/v2\/comments?post=54"}],"version-history":[{"count":20,"href":"https:\/\/www.lycee-eca.fr\/actu\/wp-json\/wp\/v2\/pages\/54\/revisions"}],"predecessor-version":[{"id":178,"href":"https:\/\/www.lycee-eca.fr\/actu\/wp-json\/wp\/v2\/pages\/54\/revisions\/178"}],"wp:attachment":[{"href":"https:\/\/www.lycee-eca.fr\/actu\/wp-json\/wp\/v2\/media?parent=54"}],"curies":[{"name":"wp","href":"https:\/\/api.w.org\/{rel}","templated":true}]}}